{"id":2159,"date":"2025-11-15T15:21:07","date_gmt":"2025-11-15T15:21:07","guid":{"rendered":"https:\/\/primeconstruction.webwaves.fr\/?post_type=portfolio&#038;p=2159"},"modified":"2025-11-15T15:47:07","modified_gmt":"2025-11-15T15:47:07","slug":"ravalement-de-facade-a-creil","status":"publish","type":"portfolio","link":"https:\/\/primeconstruction.webwaves.fr\/?portfolio=ravalement-de-facade-a-creil","title":{"rendered":"Ravalement de fa\u00e7ade \u00e0 Creil"},"content":{"rendered":"\t\t<div data-elementor-type=\"wp-post\" data-elementor-id=\"2159\" class=\"elementor elementor-2159\">\n\t\t\t\t\t\t<section class=\"elementor-section elementor-top-section elementor-element elementor-element-4e190e0 elementor-section-stretched elementor-section-boxed elementor-section-height-default elementor-section-height-default\" data-id=\"4e190e0\" data-element_type=\"section\" data-settings=\"{&quot;stretch_section&quot;:&quot;section-stretched&quot;,&quot;background_background&quot;:&quot;classic&quot;}\">\n\t\t\t\t\t\t<div class=\"elementor-container elementor-column-gap-default\">\n\t\t\t\t\t<div class=\"elementor-column elementor-col-100 elementor-top-column elementor-element elementor-element-0a52458\" data-id=\"0a52458\" data-element_type=\"column\">\n\t\t\t<div class=\"elementor-widget-wrap elementor-element-populated\">\n\t\t\t\t\t\t<div class=\"elementor-element elementor-element-b3002fe elementor-widget elementor-widget-cz_animated_text\" data-id=\"b3002fe\" data-element_type=\"widget\" data-widget_type=\"cz_animated_text.default\">\n\t\t\t\t<div class=\"elementor-widget-container\">\n\t\t\t\t\t\n\t\t<h2 data-time=\"3000\" class=\"cz_headline letters type\">\n\n\t\t\t<span class=\"cz_before_text\">\n\t\t\t\tRavalement de fa\u00e7ade \u00e0\t\n\t\t\t<\/span>\n\n\t\t\t<span class=\"cz_words-wrapper\"> \n\n\t\t\t\t<b class=\"is-visible\">Creil<\/b>\n\t\t\t<\/span>\n\n\t\t\t<span class=\"cz_after_text\">\n\t\t\t\t\t\t\t<\/span>\n\n\t\t<\/h2>\n\n\t\t\t\t\t\t<\/div>\n\t\t\t\t<\/div>\n\t\t\t\t\t<\/div>\n\t\t<\/div>\n\t\t\t\t\t<\/div>\n\t\t<\/section>\n\t\t\t\t<section class=\"elementor-section elementor-top-section elementor-element elementor-element-dda79f9 elementor-section-boxed elementor-section-height-default elementor-section-height-default\" data-id=\"dda79f9\" data-element_type=\"section\">\n\t\t\t\t\t\t<div class=\"elementor-container elementor-column-gap-default\">\n\t\t\t\t\t<div class=\"elementor-column elementor-col-100 elementor-top-column elementor-element elementor-element-0bd3fe0\" data-id=\"0bd3fe0\" data-element_type=\"column\">\n\t\t\t<div class=\"elementor-widget-wrap elementor-element-populated\">\n\t\t\t\t\t\t<div class=\"elementor-element elementor-element-01804fa elementor-widget elementor-widget-cz_before_after\" data-id=\"01804fa\" data-element_type=\"widget\" data-widget_type=\"cz_before_after.default\">\n\t\t\t\t<div class=\"elementor-widget-container\">\n\t\t\t\t\t\t\t<div class=\"cz_image_comparison_slider\">\n\t\t\t<figure class=\"cz_image_container is_visible\">\n\t\t\t\t<img fetchpriority=\"high\" decoding=\"async\" width=\"1536\" height=\"1024\" src=\"https:\/\/primeconstruction.webwaves.fr\/wp-content\/uploads\/2025\/11\/Ravalement-de-facade2.jpeg\" class=\"attachment-full size-full wp-image-2175\" alt=\"\" srcset=\"https:\/\/primeconstruction.webwaves.fr\/wp-content\/uploads\/2025\/11\/Ravalement-de-facade2.jpeg 1536w, https:\/\/primeconstruction.webwaves.fr\/wp-content\/uploads\/2025\/11\/Ravalement-de-facade2-300x200.jpeg 300w, https:\/\/primeconstruction.webwaves.fr\/wp-content\/uploads\/2025\/11\/Ravalement-de-facade2-1024x683.jpeg 1024w, https:\/\/primeconstruction.webwaves.fr\/wp-content\/uploads\/2025\/11\/Ravalement-de-facade2-768x512.jpeg 768w, https:\/\/primeconstruction.webwaves.fr\/wp-content\/uploads\/2025\/11\/Ravalement-de-facade2-600x400.jpeg 600w\" sizes=\"(max-width: 1536px) 100vw, 1536px\" \/>\t\t\t\t<span class=\"cz_image_label\" data-type=\"original\">Apr\u00e8s<\/span>\n\t\t\t\t<div class=\"cz_resize_img\"><img decoding=\"async\" width=\"1536\" height=\"1024\" src=\"https:\/\/primeconstruction.webwaves.fr\/wp-content\/uploads\/2025\/11\/Ravalement-de-facade1.jpeg\" class=\"attachment-full size-full wp-image-2174\" alt=\"\" srcset=\"https:\/\/primeconstruction.webwaves.fr\/wp-content\/uploads\/2025\/11\/Ravalement-de-facade1.jpeg 1536w, https:\/\/primeconstruction.webwaves.fr\/wp-content\/uploads\/2025\/11\/Ravalement-de-facade1-300x200.jpeg 300w, https:\/\/primeconstruction.webwaves.fr\/wp-content\/uploads\/2025\/11\/Ravalement-de-facade1-1024x683.jpeg 1024w, https:\/\/primeconstruction.webwaves.fr\/wp-content\/uploads\/2025\/11\/Ravalement-de-facade1-768x512.jpeg 768w, https:\/\/primeconstruction.webwaves.fr\/wp-content\/uploads\/2025\/11\/Ravalement-de-facade1-600x400.jpeg 600w\" sizes=\"(max-width: 1536px) 100vw, 1536px\" \/>\t\t\t\t\t<span class=\"cz_image_label\" data-type=\"modified\">Avant<\/span>\n\t\t\t\t<\/div>\n\t\t\t\t<span class=\"cz_handle\"><\/span>\n\t\t\t<\/figure>\n\t\t<\/div>\n\t\t\t\t\t\t<\/div>\n\t\t\t\t<\/div>\n\t\t\t\t\t<\/div>\n\t\t<\/div>\n\t\t\t\t\t<\/div>\n\t\t<\/section>\n\t\t\t\t<section class=\"elementor-section elementor-top-section elementor-element elementor-element-2e6cf09 elementor-section-boxed elementor-section-height-default elementor-section-height-default\" data-id=\"2e6cf09\" data-element_type=\"section\">\n\t\t\t\t\t\t<div class=\"elementor-container elementor-column-gap-default\">\n\t\t\t\t\t<div class=\"elementor-column elementor-col-100 elementor-top-column elementor-element elementor-element-9a39d11\" data-id=\"9a39d11\" data-element_type=\"column\">\n\t\t\t<div class=\"elementor-widget-wrap elementor-element-populated\">\n\t\t\t\t\t\t<div class=\"elementor-element elementor-element-67ab71a elementor-widget elementor-widget-cz_title\" data-id=\"67ab71a\" data-element_type=\"widget\" data-widget_type=\"cz_title.default\">\n\t\t\t\t<div class=\"elementor-widget-container\">\n\t\t\t\t\t\t\n\t\t<div>\n\t\t\t<div class=\"cz_title clr cz_mobile_text_center cz_title_pos_inline\"><div class=\"cz_title_content\"><div class=\"cz_wpe_content\"><p data-start=\"218\" data-end=\"531\">Prime Contraction est une entreprise sp\u00e9cialis\u00e9e dans le ravalement de fa\u00e7ade et la remise en \u00e9tat des enveloppes ext\u00e9rieures de b\u00e2timents. Elle intervient sur les maisons individuelles, immeubles et locaux professionnels pour restaurer, prot\u00e9ger et valoriser les fa\u00e7ades.<\/br>\nLes \u00e9quipes de Prime Contraction prennent en charge :<\/div><\/div><\/div>\n\t\t<\/div>\n\t\t\n\t\t\t\t\t\t<\/div>\n\t\t\t\t<\/div>\n\t\t\t\t<div class=\"elementor-element elementor-element-4297af7 elementor-widget elementor-widget-cz_stylish_list\" data-id=\"4297af7\" data-element_type=\"widget\" data-widget_type=\"cz_stylish_list.default\">\n\t\t\t\t<div class=\"elementor-widget-container\">\n\t\t\t\t\t<ul class=\"cz_stylish_list clr cz_sl_icon_hover_zoom_in\"><li class=\"elementor-repeater-item-891b169 clr\"><a href=\"#\"><div class=\"cz_sl_icon\"><i class=\"mr10 fa czico-193-checked\"><\/i><\/div><div><span>Le diagnostic de l\u2019\u00e9tat des fa\u00e7ades (fissures, d\u00e9collement d\u2019enduit, traces d\u2019humidit\u00e9)<\/span><\/div><\/a><\/li><\/ul>\t\t\t\t<\/div>\n\t\t\t\t<\/div>\n\t\t\t\t<div class=\"elementor-element elementor-element-8152174 elementor-widget elementor-widget-cz_stylish_list\" data-id=\"8152174\" data-element_type=\"widget\" data-widget_type=\"cz_stylish_list.default\">\n\t\t\t\t<div class=\"elementor-widget-container\">\n\t\t\t\t\t<ul class=\"cz_stylish_list clr cz_sl_icon_hover_zoom_in\"><li class=\"elementor-repeater-item-891b169 clr\"><a href=\"#\"><div class=\"cz_sl_icon\"><i class=\"mr10 fa czico-193-checked\"><\/i><\/div><div><span>Le nettoyage, d\u00e9capage et traitement des supports<\/span><\/div><\/a><\/li><\/ul>\t\t\t\t<\/div>\n\t\t\t\t<\/div>\n\t\t\t\t<div class=\"elementor-element elementor-element-c6978c0 elementor-widget elementor-widget-cz_stylish_list\" data-id=\"c6978c0\" data-element_type=\"widget\" data-widget_type=\"cz_stylish_list.default\">\n\t\t\t\t<div class=\"elementor-widget-container\">\n\t\t\t\t\t<ul class=\"cz_stylish_list clr cz_sl_icon_hover_zoom_in\"><li class=\"elementor-repeater-item-891b169 clr\"><a href=\"#\"><div class=\"cz_sl_icon\"><i class=\"mr10 fa czico-193-checked\"><\/i><\/div><div><span>La r\u00e9paration des ma\u00e7onneries et enduits<\/span><\/div><\/a><\/li><\/ul>\t\t\t\t<\/div>\n\t\t\t\t<\/div>\n\t\t\t\t<div class=\"elementor-element elementor-element-9f68e3b elementor-widget elementor-widget-cz_stylish_list\" data-id=\"9f68e3b\" data-element_type=\"widget\" data-widget_type=\"cz_stylish_list.default\">\n\t\t\t\t<div class=\"elementor-widget-container\">\n\t\t\t\t\t<ul class=\"cz_stylish_list clr cz_sl_icon_hover_zoom_in\"><li class=\"elementor-repeater-item-891b169 clr\"><a href=\"#\"><div class=\"cz_sl_icon\"><i class=\"mr10 fa czico-193-checked\"><\/i><\/div><div><span>L\u2019application de rev\u00eatements de fa\u00e7ade, enduits et peintures techniques<\/span><\/div><\/a><\/li><\/ul>\t\t\t\t<\/div>\n\t\t\t\t<\/div>\n\t\t\t\t<div class=\"elementor-element elementor-element-ccd2492 elementor-widget elementor-widget-cz_stylish_list\" data-id=\"ccd2492\" data-element_type=\"widget\" data-widget_type=\"cz_stylish_list.default\">\n\t\t\t\t<div class=\"elementor-widget-container\">\n\t\t\t\t\t<ul class=\"cz_stylish_list clr cz_sl_icon_hover_zoom_in\"><li class=\"elementor-repeater-item-891b169 clr\"><a href=\"#\"><div class=\"cz_sl_icon\"><i class=\"mr10 fa czico-193-checked\"><\/i><\/div><div><span>La mise en place \u00e9ventuelle de solutions d\u2019isolation par l\u2019ext\u00e9rieur (ITE)<\/span><\/div><\/a><\/li><\/ul>\t\t\t\t<\/div>\n\t\t\t\t<\/div>\n\t\t\t\t<div class=\"elementor-element elementor-element-61d6466 elementor-widget elementor-widget-cz_stylish_list\" data-id=\"61d6466\" data-element_type=\"widget\" data-widget_type=\"cz_stylish_list.default\">\n\t\t\t\t<div class=\"elementor-widget-container\">\n\t\t\t\t\t<ul class=\"cz_stylish_list clr cz_sl_icon_hover_zoom_in\"><\/ul>\t\t\t\t<\/div>\n\t\t\t\t<\/div>\n\t\t\t\t<div class=\"elementor-element elementor-element-1641eb7 elementor-widget elementor-widget-cz_title\" data-id=\"1641eb7\" data-element_type=\"widget\" data-widget_type=\"cz_title.default\">\n\t\t\t\t<div class=\"elementor-widget-container\">\n\t\t\t\t\t\t\n\t\t<div>\n\t\t\t<div class=\"cz_title clr cz_mobile_text_center cz_title_pos_inline\"><div class=\"cz_title_content\"><div class=\"cz_wpe_content\"><p data-start=\"218\" data-end=\"531\">Chaque projet de r\u00e9novation de fa\u00e7ade fait l\u2019objet d\u2019une \u00e9tude technique afin de d\u00e9finir les mat\u00e9riaux, finitions et traitements les plus adapt\u00e9s au support existant et aux contraintes du b\u00e2timent : correction des d\u00e9fauts, protection contre les intemp\u00e9ries, am\u00e9lioration de l\u2019isolation et mise en valeur esth\u00e9tique. Gr\u00e2ce \u00e0 son expertise, Prime Contraction se positionne comme un interlocuteur unique pour un ravalement de fa\u00e7ade durable, performant et esth\u00e9tique.<\/p>\n<\/div><\/div><\/div>\n\t\t<\/div>\n\t\t\n\t\t\t\t\t\t<\/div>\n\t\t\t\t<\/div>\n\t\t\t\t\t<\/div>\n\t\t<\/div>\n\t\t\t\t\t<\/div>\n\t\t<\/section>\n\t\t<div class=\"elementor-element elementor-element-300d71d e-flex e-con-boxed e-con e-parent\" data-id=\"300d71d\" data-element_type=\"container\">\n\t\t\t\t\t<div class=\"e-con-inner\">\n\t\t<div class=\"elementor-element elementor-element-2771b1e e-con-full e-flex e-con e-child\" data-id=\"2771b1e\" data-element_type=\"container\">\n\t\t\t\t<\/div>\n\t\t<div class=\"elementor-element elementor-element-f856a5d e-con-full e-flex e-con e-child\" data-id=\"f856a5d\" data-element_type=\"container\">\n\t\t\t\t<div class=\"elementor-element elementor-element-92c7989 elementor-widget elementor-widget-cz_button\" data-id=\"92c7989\" data-element_type=\"widget\" data-widget_type=\"cz_button.default\">\n\t\t\t\t<div class=\"elementor-widget-container\">\n\t\t\t\t\t\t\t<div class=\"\">\n\t\t\t<div>\n\t\t\t\t<a href=\"https:\/\/primeconstruction.webwaves.fr\/?page_id=984\" class=\"cz_btn cz_btn_txt_no_fx cz_btn_no_fx cz_mobile_btn_center\">\n\n\t\t\t\t\t<span><i class=\"fa fa-calculator\"><\/i>\t\t\t\t\t\t<strong>Demandez un devis\t\t\t\t\t\t\t\t\t\t\t\t\t<\/strong>\n\t\t\t\t\t\t\t\t\t\t\t<\/span>\n\n\t\t\t\t\t<b class=\"cz_btn_onhover\">\n\t\t\t\t\t\t<i class=\"fa fa-calculator\"><\/i>\t\t\t\t\t\t<strong>\n\t\t\t\t\t\t\tDemandez un devis\t\t\t\t\t\t\t\t\t\t\t\t\t<\/strong>\n\t\t\t\t\t\t\t\t\t\t\t<\/b>\n\n\t\t\t\t<\/a>\n\t\t\t<\/div>\n\t\t<\/div> \t\t\t\t\t\t<\/div>\n\t\t\t\t<\/div>\n\t\t\t\t<\/div>\n\t\t<div class=\"elementor-element elementor-element-6f0efc0 e-con-full e-flex e-con e-child\" data-id=\"6f0efc0\" data-element_type=\"container\">\n\t\t\t\t<\/div>\n\t\t\t\t\t<\/div>\n\t\t\t\t<\/div>\n\t\t\t\t<\/div>\n\t\t","protected":false},"excerpt":{"rendered":"<p>Ravalement de fa\u00e7ade \u00e0 Creil Apr\u00e8s Avant Prime Contraction est une entreprise sp\u00e9cialis\u00e9e dans le ravalement de fa\u00e7ade et la &#8230; <a class=\"cz_readmore\" href=\"https:\/\/primeconstruction.webwaves.fr\/?portfolio=ravalement-de-facade-a-creil\"><i class=\"fa fa-angle-right\" aria-hidden=\"true\"><\/i><span>Read More<\/span><\/a><\/p>\n","protected":false},"author":1,"featured_media":2179,"comment_status":"closed","ping_status":"closed","template":"elementor_header_footer","format":"standard","meta":[],"portfolio_cat":[157],"portfolio_tags":[],"class_list":["post-2159","portfolio","type-portfolio","status-publish","format-standard","has-post-thumbnail","hentry","portfolio_cat-ravalement-de-facade"],"_links":{"self":[{"href":"https:\/\/primeconstruction.webwaves.fr\/index.php?rest_route=\/wp\/v2\/portfolio\/2159","targetHints":{"allow":["GET"]}}],"collection":[{"href":"https:\/\/primeconstruction.webwaves.fr\/index.php?rest_route=\/wp\/v2\/portfolio"}],"about":[{"href":"https:\/\/primeconstruction.webwaves.fr\/index.php?rest_route=\/wp\/v2\/types\/portfolio"}],"author":[{"embeddable":true,"href":"https:\/\/primeconstruction.webwaves.fr\/index.php?rest_route=\/wp\/v2\/users\/1"}],"replies":[{"embeddable":true,"href":"https:\/\/primeconstruction.webwaves.fr\/index.php?rest_route=%2Fwp%2Fv2%2Fcomments&post=2159"}],"version-history":[{"count":13,"href":"https:\/\/primeconstruction.webwaves.fr\/index.php?rest_route=\/wp\/v2\/portfolio\/2159\/revisions"}],"predecessor-version":[{"id":2182,"href":"https:\/\/primeconstruction.webwaves.fr\/index.php?rest_route=\/wp\/v2\/portfolio\/2159\/revisions\/2182"}],"wp:featuredmedia":[{"embeddable":true,"href":"https:\/\/primeconstruction.webwaves.fr\/index.php?rest_route=\/wp\/v2\/media\/2179"}],"wp:attachment":[{"href":"https:\/\/primeconstruction.webwaves.fr\/index.php?rest_route=%2Fwp%2Fv2%2Fmedia&parent=2159"}],"wp:term":[{"taxonomy":"portfolio_cat","embeddable":true,"href":"https:\/\/primeconstruction.webwaves.fr\/index.php?rest_route=%2Fwp%2Fv2%2Fportfolio_cat&post=2159"},{"taxonomy":"portfolio_tags","embeddable":true,"href":"https:\/\/primeconstruction.webwaves.fr\/index.php?rest_route=%2Fwp%2Fv2%2Fportfolio_tags&post=2159"}],"curies":[{"name":"wp","href":"https:\/\/api.w.org\/{rel}","templated":true}]}}