{"id":1706,"date":"2025-11-06T08:36:59","date_gmt":"2025-11-06T08:36:59","guid":{"rendered":"https:\/\/primeconstruction.webwaves.fr\/?post_type=portfolio&#038;p=1706"},"modified":"2025-11-15T15:17:35","modified_gmt":"2025-11-15T15:17:35","slug":"travaux-publics","status":"publish","type":"portfolio","link":"https:\/\/primeconstruction.webwaves.fr\/?portfolio=travaux-publics","title":{"rendered":"Am\u00e9nagement ext\u00e9rieur \u00e0 Montataire"},"content":{"rendered":"\t\t<div data-elementor-type=\"wp-post\" data-elementor-id=\"1706\" class=\"elementor elementor-1706\">\n\t\t\t\t\t\t<section class=\"elementor-section elementor-top-section elementor-element elementor-element-ac67daa elementor-section-stretched elementor-section-boxed elementor-section-height-default elementor-section-height-default\" data-id=\"ac67daa\" data-element_type=\"section\" data-settings=\"{&quot;stretch_section&quot;:&quot;section-stretched&quot;,&quot;background_background&quot;:&quot;classic&quot;}\">\n\t\t\t\t\t\t<div class=\"elementor-container elementor-column-gap-default\">\n\t\t\t\t\t<div class=\"elementor-column elementor-col-100 elementor-top-column elementor-element elementor-element-27007f6\" data-id=\"27007f6\" data-element_type=\"column\">\n\t\t\t<div class=\"elementor-widget-wrap elementor-element-populated\">\n\t\t\t\t\t\t<div class=\"elementor-element elementor-element-013b811 elementor-widget elementor-widget-cz_animated_text\" data-id=\"013b811\" data-element_type=\"widget\" data-widget_type=\"cz_animated_text.default\">\n\t\t\t\t<div class=\"elementor-widget-container\">\n\t\t\t\t\t\n\t\t<h2 data-time=\"3000\" class=\"cz_headline letters type\">\n\n\t\t\t<span class=\"cz_before_text\">\n\t\t\t\tAm\u00e9nagement ext\u00e9rieur \u00e0\t\n\t\t\t<\/span>\n\n\t\t\t<span class=\"cz_words-wrapper\"> \n\n\t\t\t\t<b class=\"is-visible\">Montataire<\/b>\n\t\t\t<\/span>\n\n\t\t\t<span class=\"cz_after_text\">\n\t\t\t\t\t\t\t<\/span>\n\n\t\t<\/h2>\n\n\t\t\t\t\t\t<\/div>\n\t\t\t\t<\/div>\n\t\t\t\t\t<\/div>\n\t\t<\/div>\n\t\t\t\t\t<\/div>\n\t\t<\/section>\n\t\t\t\t<section class=\"elementor-section elementor-top-section elementor-element elementor-element-3818a85 elementor-section-boxed elementor-section-height-default elementor-section-height-default\" data-id=\"3818a85\" data-element_type=\"section\">\n\t\t\t\t\t\t<div class=\"elementor-container elementor-column-gap-default\">\n\t\t\t\t\t<div class=\"elementor-column elementor-col-100 elementor-top-column elementor-element elementor-element-dfe6eb7\" data-id=\"dfe6eb7\" data-element_type=\"column\">\n\t\t\t<div class=\"elementor-widget-wrap elementor-element-populated\">\n\t\t\t\t\t\t<div class=\"elementor-element elementor-element-7f60533 elementor-widget elementor-widget-cz_before_after\" data-id=\"7f60533\" data-element_type=\"widget\" data-widget_type=\"cz_before_after.default\">\n\t\t\t\t<div class=\"elementor-widget-container\">\n\t\t\t\t\t\t\t<div class=\"cz_image_comparison_slider\">\n\t\t\t<figure class=\"cz_image_container is_visible\">\n\t\t\t\t<img fetchpriority=\"high\" decoding=\"async\" width=\"541\" height=\"359\" src=\"https:\/\/primeconstruction.webwaves.fr\/wp-content\/uploads\/2025\/11\/Amenagement-exterieur-a-Montataire2.jpeg\" class=\"attachment-full size-full wp-image-2146\" alt=\"\" srcset=\"https:\/\/primeconstruction.webwaves.fr\/wp-content\/uploads\/2025\/11\/Amenagement-exterieur-a-Montataire2.jpeg 541w, https:\/\/primeconstruction.webwaves.fr\/wp-content\/uploads\/2025\/11\/Amenagement-exterieur-a-Montataire2-300x199.jpeg 300w\" sizes=\"(max-width: 541px) 100vw, 541px\" \/>\t\t\t\t<span class=\"cz_image_label\" data-type=\"original\">Apr\u00e8s<\/span>\n\t\t\t\t<div class=\"cz_resize_img\"><img decoding=\"async\" width=\"542\" height=\"361\" src=\"https:\/\/primeconstruction.webwaves.fr\/wp-content\/uploads\/2025\/11\/Amenagement-exterieur-a-Montataire1.jpeg\" class=\"attachment-full size-full wp-image-2145\" alt=\"\" srcset=\"https:\/\/primeconstruction.webwaves.fr\/wp-content\/uploads\/2025\/11\/Amenagement-exterieur-a-Montataire1.jpeg 542w, https:\/\/primeconstruction.webwaves.fr\/wp-content\/uploads\/2025\/11\/Amenagement-exterieur-a-Montataire1-300x200.jpeg 300w\" sizes=\"(max-width: 542px) 100vw, 542px\" \/>\t\t\t\t\t<span class=\"cz_image_label\" data-type=\"modified\">Avant<\/span>\n\t\t\t\t<\/div>\n\t\t\t\t<span class=\"cz_handle\"><\/span>\n\t\t\t<\/figure>\n\t\t<\/div>\n\t\t\t\t\t\t<\/div>\n\t\t\t\t<\/div>\n\t\t\t\t\t<\/div>\n\t\t<\/div>\n\t\t\t\t\t<\/div>\n\t\t<\/section>\n\t\t\t\t<section class=\"elementor-section elementor-top-section elementor-element elementor-element-5e21750 elementor-section-boxed elementor-section-height-default elementor-section-height-default\" data-id=\"5e21750\" data-element_type=\"section\">\n\t\t\t\t\t\t<div class=\"elementor-container elementor-column-gap-default\">\n\t\t\t\t\t<div class=\"elementor-column elementor-col-100 elementor-top-column elementor-element elementor-element-976d647\" data-id=\"976d647\" data-element_type=\"column\">\n\t\t\t<div class=\"elementor-widget-wrap elementor-element-populated\">\n\t\t\t\t\t\t<div class=\"elementor-element elementor-element-3b9591e elementor-widget elementor-widget-cz_title\" data-id=\"3b9591e\" data-element_type=\"widget\" data-widget_type=\"cz_title.default\">\n\t\t\t\t<div class=\"elementor-widget-container\">\n\t\t\t\t\t\t\n\t\t<div>\n\t\t\t<div class=\"cz_title clr cz_mobile_text_center cz_title_pos_inline\"><div class=\"cz_title_content\"><div class=\"cz_wpe_content\"><p data-start=\"218\" data-end=\"531\">Prime Contraction est une entreprise sp\u00e9cialis\u00e9e dans l\u2019am\u00e9nagement ext\u00e9rieur \u00e0 Montataire et dans l\u2019Oise. Elle intervient sur des projets d\u2019am\u00e9nagement de terrasse, de jardin et d\u2019abords de maison, en assurant la coordination compl\u00e8te des travaux, de la pr\u00e9paration du terrain jusqu\u2019aux finitions.\n\nLes \u00e9quipes de Prime Contraction prennent en charge :<\/p><\/div><\/div><\/div>\n\t\t<\/div>\n\t\t\n\t\t\t\t\t\t<\/div>\n\t\t\t\t<\/div>\n\t\t\t\t<div class=\"elementor-element elementor-element-29e7690 elementor-widget elementor-widget-cz_stylish_list\" data-id=\"29e7690\" data-element_type=\"widget\" data-widget_type=\"cz_stylish_list.default\">\n\t\t\t\t<div class=\"elementor-widget-container\">\n\t\t\t\t\t<ul class=\"cz_stylish_list clr cz_sl_icon_hover_zoom_in\"><li class=\"elementor-repeater-item-891b169 clr\"><a href=\"#\"><div class=\"cz_sl_icon\"><i class=\"mr10 fa czico-193-checked\"><\/i><\/div><div><span>La pr\u00e9paration et le nivellement des sols (d\u00e9caissement, \u00e9vacuation des terres)<\/span><\/div><\/a><\/li><\/ul>\t\t\t\t<\/div>\n\t\t\t\t<\/div>\n\t\t\t\t<div class=\"elementor-element elementor-element-8136852 elementor-widget elementor-widget-cz_stylish_list\" data-id=\"8136852\" data-element_type=\"widget\" data-widget_type=\"cz_stylish_list.default\">\n\t\t\t\t<div class=\"elementor-widget-container\">\n\t\t\t\t\t<ul class=\"cz_stylish_list clr cz_sl_icon_hover_zoom_in\"><li class=\"elementor-repeater-item-891b169 clr\"><a href=\"#\"><div class=\"cz_sl_icon\"><i class=\"mr10 fa czico-193-checked\"><\/i><\/div><div><span>La cr\u00e9ation de terrasse en dalles ou pav\u00e9s<\/span><\/div><\/a><\/li><\/ul>\t\t\t\t<\/div>\n\t\t\t\t<\/div>\n\t\t\t\t<div class=\"elementor-element elementor-element-404d8fd elementor-widget elementor-widget-cz_stylish_list\" data-id=\"404d8fd\" data-element_type=\"widget\" data-widget_type=\"cz_stylish_list.default\">\n\t\t\t\t<div class=\"elementor-widget-container\">\n\t\t\t\t\t<ul class=\"cz_stylish_list clr cz_sl_icon_hover_zoom_in\"><li class=\"elementor-repeater-item-891b169 clr\"><a href=\"#\"><div class=\"cz_sl_icon\"><i class=\"mr10 fa czico-193-checked\"><\/i><\/div><div><span>L\u2019am\u00e9nagement de jardin (pelouse, massifs, bordures)<\/span><\/div><\/a><\/li><\/ul>\t\t\t\t<\/div>\n\t\t\t\t<\/div>\n\t\t\t\t<div class=\"elementor-element elementor-element-f4370e6 elementor-widget elementor-widget-cz_stylish_list\" data-id=\"f4370e6\" data-element_type=\"widget\" data-widget_type=\"cz_stylish_list.default\">\n\t\t\t\t<div class=\"elementor-widget-container\">\n\t\t\t\t\t<ul class=\"cz_stylish_list clr cz_sl_icon_hover_zoom_in\"><li class=\"elementor-repeater-item-891b169 clr\"><a href=\"#\"><div class=\"cz_sl_icon\"><i class=\"mr10 fa czico-193-checked\"><\/i><\/div><div><span>La r\u00e9alisation d\u2019all\u00e9es pi\u00e9tonnes et acc\u00e8s voiture<\/span><\/div><\/a><\/li><\/ul>\t\t\t\t<\/div>\n\t\t\t\t<\/div>\n\t\t\t\t<div class=\"elementor-element elementor-element-35ec470 elementor-widget elementor-widget-cz_stylish_list\" data-id=\"35ec470\" data-element_type=\"widget\" data-widget_type=\"cz_stylish_list.default\">\n\t\t\t\t<div class=\"elementor-widget-container\">\n\t\t\t\t\t<ul class=\"cz_stylish_list clr cz_sl_icon_hover_zoom_in\"><li class=\"elementor-repeater-item-891b169 clr\"><a href=\"#\"><div class=\"cz_sl_icon\"><i class=\"mr10 fa czico-193-checked\"><\/i><\/div><div><span>La mise en place de murets, jardini\u00e8res et bordures<\/span><\/div><\/a><\/li><\/ul>\t\t\t\t<\/div>\n\t\t\t\t<\/div>\n\t\t\t\t<div class=\"elementor-element elementor-element-1a31bbb elementor-widget elementor-widget-cz_stylish_list\" data-id=\"1a31bbb\" data-element_type=\"widget\" data-widget_type=\"cz_stylish_list.default\">\n\t\t\t\t<div class=\"elementor-widget-container\">\n\t\t\t\t\t<ul class=\"cz_stylish_list clr cz_sl_icon_hover_zoom_in\"><\/ul>\t\t\t\t<\/div>\n\t\t\t\t<\/div>\n\t\t\t\t<div class=\"elementor-element elementor-element-e9ea858 elementor-widget elementor-widget-cz_title\" data-id=\"e9ea858\" data-element_type=\"widget\" data-widget_type=\"cz_title.default\">\n\t\t\t\t<div class=\"elementor-widget-container\">\n\t\t\t\t\t\t\n\t\t<div>\n\t\t\t<div class=\"cz_title clr cz_mobile_text_center cz_title_pos_inline\"><div class=\"cz_title_content\"><div class=\"cz_wpe_content\"><p data-start=\"218\" data-end=\"531\">Chaque projet d\u2019am\u00e9nagement ext\u00e9rieur \u00e0 Montataire fait l\u2019objet d\u2019une \u00e9tude personnalis\u00e9e afin d\u2019optimiser les circulations, l\u2019esth\u00e9tique et la durabilit\u00e9 : choix des mat\u00e9riaux, gestion des pentes et des eaux pluviales, int\u00e9gration \u00e0 la fa\u00e7ade et aux cl\u00f4tures existantes. Prime Contraction intervient sur l\u2019habitat individuel, les r\u00e9sidences et les biens locatifs, en proposant des solutions durables et faciles d\u2019entretien.\n\nGr\u00e2ce \u00e0 son expertise, l\u2019entreprise se positionne comme un interlocuteur unique pour un am\u00e9nagement ext\u00e9rieur cl\u00e9 en main \u00e0 Montataire, alliant fonctionnalit\u00e9, confort et mise en valeur du patrimoine.<\/div><\/div><\/div>\n\t\t<\/div>\n\t\t\n\t\t\t\t\t\t<\/div>\n\t\t\t\t<\/div>\n\t\t\t\t\t<\/div>\n\t\t<\/div>\n\t\t\t\t\t<\/div>\n\t\t<\/section>\n\t\t<div class=\"elementor-element elementor-element-7fe0004 e-flex e-con-boxed e-con e-parent\" data-id=\"7fe0004\" data-element_type=\"container\">\n\t\t\t\t\t<div class=\"e-con-inner\">\n\t\t<div class=\"elementor-element elementor-element-ce6f2f1 e-con-full e-flex e-con e-child\" data-id=\"ce6f2f1\" data-element_type=\"container\">\n\t\t\t\t<\/div>\n\t\t<div class=\"elementor-element elementor-element-123ef74 e-con-full e-flex e-con e-child\" data-id=\"123ef74\" data-element_type=\"container\">\n\t\t\t\t<div class=\"elementor-element elementor-element-51993f1 elementor-widget elementor-widget-cz_button\" data-id=\"51993f1\" data-element_type=\"widget\" data-widget_type=\"cz_button.default\">\n\t\t\t\t<div class=\"elementor-widget-container\">\n\t\t\t\t\t\t\t<div class=\"\">\n\t\t\t<div>\n\t\t\t\t<a href=\"https:\/\/primeconstruction.webwaves.fr\/?page_id=984\" class=\"cz_btn cz_btn_txt_no_fx cz_btn_no_fx cz_mobile_btn_center\">\n\n\t\t\t\t\t<span><i class=\"fa fa-calculator\"><\/i>\t\t\t\t\t\t<strong>Demandez un devis\t\t\t\t\t\t\t\t\t\t\t\t\t<\/strong>\n\t\t\t\t\t\t\t\t\t\t\t<\/span>\n\n\t\t\t\t\t<b class=\"cz_btn_onhover\">\n\t\t\t\t\t\t<i class=\"fa fa-calculator\"><\/i>\t\t\t\t\t\t<strong>\n\t\t\t\t\t\t\tDemandez un devis\t\t\t\t\t\t\t\t\t\t\t\t\t<\/strong>\n\t\t\t\t\t\t\t\t\t\t\t<\/b>\n\n\t\t\t\t<\/a>\n\t\t\t<\/div>\n\t\t<\/div> \t\t\t\t\t\t<\/div>\n\t\t\t\t<\/div>\n\t\t\t\t<\/div>\n\t\t<div class=\"elementor-element elementor-element-d5bce12 e-con-full e-flex e-con e-child\" data-id=\"d5bce12\" data-element_type=\"container\">\n\t\t\t\t<\/div>\n\t\t\t\t\t<\/div>\n\t\t\t\t<\/div>\n\t\t\t\t<\/div>\n\t\t","protected":false},"excerpt":{"rendered":"<p>Am\u00e9nagement ext\u00e9rieur \u00e0 Montataire Apr\u00e8s Avant Prime Contraction est une entreprise sp\u00e9cialis\u00e9e dans l\u2019am\u00e9nagement ext\u00e9rieur \u00e0 Montataire et dans l\u2019Oise. &#8230; <a class=\"cz_readmore\" href=\"https:\/\/primeconstruction.webwaves.fr\/?portfolio=travaux-publics\"><i class=\"fa fa-angle-right\" aria-hidden=\"true\"><\/i><span>Read More<\/span><\/a><\/p>\n","protected":false},"author":1,"featured_media":2150,"comment_status":"closed","ping_status":"closed","template":"elementor_header_footer","format":"standard","meta":[],"portfolio_cat":[155],"portfolio_tags":[],"class_list":["post-1706","portfolio","type-portfolio","status-publish","format-standard","has-post-thumbnail","hentry","portfolio_cat-amenagement-exterieur"],"_links":{"self":[{"href":"https:\/\/primeconstruction.webwaves.fr\/index.php?rest_route=\/wp\/v2\/portfolio\/1706","targetHints":{"allow":["GET"]}}],"collection":[{"href":"https:\/\/primeconstruction.webwaves.fr\/index.php?rest_route=\/wp\/v2\/portfolio"}],"about":[{"href":"https:\/\/primeconstruction.webwaves.fr\/index.php?rest_route=\/wp\/v2\/types\/portfolio"}],"author":[{"embeddable":true,"href":"https:\/\/primeconstruction.webwaves.fr\/index.php?rest_route=\/wp\/v2\/users\/1"}],"replies":[{"embeddable":true,"href":"https:\/\/primeconstruction.webwaves.fr\/index.php?rest_route=%2Fwp%2Fv2%2Fcomments&post=1706"}],"version-history":[{"count":12,"href":"https:\/\/primeconstruction.webwaves.fr\/index.php?rest_route=\/wp\/v2\/portfolio\/1706\/revisions"}],"predecessor-version":[{"id":2151,"href":"https:\/\/primeconstruction.webwaves.fr\/index.php?rest_route=\/wp\/v2\/portfolio\/1706\/revisions\/2151"}],"wp:featuredmedia":[{"embeddable":true,"href":"https:\/\/primeconstruction.webwaves.fr\/index.php?rest_route=\/wp\/v2\/media\/2150"}],"wp:attachment":[{"href":"https:\/\/primeconstruction.webwaves.fr\/index.php?rest_route=%2Fwp%2Fv2%2Fmedia&parent=1706"}],"wp:term":[{"taxonomy":"portfolio_cat","embeddable":true,"href":"https:\/\/primeconstruction.webwaves.fr\/index.php?rest_route=%2Fwp%2Fv2%2Fportfolio_cat&post=1706"},{"taxonomy":"portfolio_tags","embeddable":true,"href":"https:\/\/primeconstruction.webwaves.fr\/index.php?rest_route=%2Fwp%2Fv2%2Fportfolio_tags&post=1706"}],"curies":[{"name":"wp","href":"https:\/\/api.w.org\/{rel}","templated":true}]}}