{"id":1703,"date":"2025-11-06T08:32:26","date_gmt":"2025-11-06T08:32:26","guid":{"rendered":"https:\/\/primeconstruction.webwaves.fr\/?post_type=portfolio&#038;p=1703"},"modified":"2025-11-15T15:10:09","modified_gmt":"2025-11-15T15:10:09","slug":"conception-moderne","status":"publish","type":"portfolio","link":"https:\/\/primeconstruction.webwaves.fr\/?portfolio=conception-moderne","title":{"rendered":"R\u00e9novation salle de bain \u00e0 Beauvais"},"content":{"rendered":"\t\t<div data-elementor-type=\"wp-post\" data-elementor-id=\"1703\" class=\"elementor elementor-1703\">\n\t\t\t\t\t\t<section class=\"elementor-section elementor-top-section elementor-element elementor-element-0c086d5 elementor-section-stretched elementor-section-boxed elementor-section-height-default elementor-section-height-default\" data-id=\"0c086d5\" data-element_type=\"section\" data-settings=\"{&quot;stretch_section&quot;:&quot;section-stretched&quot;,&quot;background_background&quot;:&quot;classic&quot;}\">\n\t\t\t\t\t\t<div class=\"elementor-container elementor-column-gap-default\">\n\t\t\t\t\t<div class=\"elementor-column elementor-col-100 elementor-top-column elementor-element elementor-element-4e5a2ae\" data-id=\"4e5a2ae\" data-element_type=\"column\">\n\t\t\t<div class=\"elementor-widget-wrap elementor-element-populated\">\n\t\t\t\t\t\t<div class=\"elementor-element elementor-element-b42b39e elementor-widget elementor-widget-cz_animated_text\" data-id=\"b42b39e\" data-element_type=\"widget\" data-widget_type=\"cz_animated_text.default\">\n\t\t\t\t<div class=\"elementor-widget-container\">\n\t\t\t\t\t\n\t\t<h2 data-time=\"3000\" class=\"cz_headline letters type\">\n\n\t\t\t<span class=\"cz_before_text\">\n\t\t\t\tR\u00e9novation salle de bain \u00e0 \t\n\t\t\t<\/span>\n\n\t\t\t<span class=\"cz_words-wrapper\"> \n\n\t\t\t\t<b class=\"is-visible\">Beauvais<\/b>\n\t\t\t<\/span>\n\n\t\t\t<span class=\"cz_after_text\">\n\t\t\t\t\t\t\t<\/span>\n\n\t\t<\/h2>\n\n\t\t\t\t\t\t<\/div>\n\t\t\t\t<\/div>\n\t\t\t\t\t<\/div>\n\t\t<\/div>\n\t\t\t\t\t<\/div>\n\t\t<\/section>\n\t\t\t\t<section class=\"elementor-section elementor-top-section elementor-element elementor-element-12e0e8d elementor-section-boxed elementor-section-height-default elementor-section-height-default\" data-id=\"12e0e8d\" data-element_type=\"section\">\n\t\t\t\t\t\t<div class=\"elementor-container elementor-column-gap-default\">\n\t\t\t\t\t<div class=\"elementor-column elementor-col-100 elementor-top-column elementor-element elementor-element-337d29d\" data-id=\"337d29d\" data-element_type=\"column\">\n\t\t\t<div class=\"elementor-widget-wrap elementor-element-populated\">\n\t\t\t\t\t\t<div class=\"elementor-element elementor-element-881e0c9 elementor-widget elementor-widget-cz_before_after\" data-id=\"881e0c9\" data-element_type=\"widget\" data-widget_type=\"cz_before_after.default\">\n\t\t\t\t<div class=\"elementor-widget-container\">\n\t\t\t\t\t\t\t<div class=\"cz_image_comparison_slider\">\n\t\t\t<figure class=\"cz_image_container is_visible\">\n\t\t\t\t<img fetchpriority=\"high\" decoding=\"async\" width=\"1536\" height=\"1024\" src=\"https:\/\/primeconstruction.webwaves.fr\/wp-content\/uploads\/2025\/11\/Renovation-salle-de-bain-a-Beauvais2.jpeg\" class=\"attachment-full size-full wp-image-2117\" alt=\"\" srcset=\"https:\/\/primeconstruction.webwaves.fr\/wp-content\/uploads\/2025\/11\/Renovation-salle-de-bain-a-Beauvais2.jpeg 1536w, https:\/\/primeconstruction.webwaves.fr\/wp-content\/uploads\/2025\/11\/Renovation-salle-de-bain-a-Beauvais2-300x200.jpeg 300w, https:\/\/primeconstruction.webwaves.fr\/wp-content\/uploads\/2025\/11\/Renovation-salle-de-bain-a-Beauvais2-1024x683.jpeg 1024w, https:\/\/primeconstruction.webwaves.fr\/wp-content\/uploads\/2025\/11\/Renovation-salle-de-bain-a-Beauvais2-768x512.jpeg 768w, https:\/\/primeconstruction.webwaves.fr\/wp-content\/uploads\/2025\/11\/Renovation-salle-de-bain-a-Beauvais2-600x400.jpeg 600w\" sizes=\"(max-width: 1536px) 100vw, 1536px\" \/>\t\t\t\t<span class=\"cz_image_label\" data-type=\"original\">Apr\u00e8s<\/span>\n\t\t\t\t<div class=\"cz_resize_img\"><img decoding=\"async\" width=\"1536\" height=\"1024\" src=\"https:\/\/primeconstruction.webwaves.fr\/wp-content\/uploads\/2025\/11\/Renovation-salle-de-bain-a-Beauvais1.jpeg\" class=\"attachment-full size-full wp-image-2116\" alt=\"\" srcset=\"https:\/\/primeconstruction.webwaves.fr\/wp-content\/uploads\/2025\/11\/Renovation-salle-de-bain-a-Beauvais1.jpeg 1536w, https:\/\/primeconstruction.webwaves.fr\/wp-content\/uploads\/2025\/11\/Renovation-salle-de-bain-a-Beauvais1-300x200.jpeg 300w, https:\/\/primeconstruction.webwaves.fr\/wp-content\/uploads\/2025\/11\/Renovation-salle-de-bain-a-Beauvais1-1024x683.jpeg 1024w, https:\/\/primeconstruction.webwaves.fr\/wp-content\/uploads\/2025\/11\/Renovation-salle-de-bain-a-Beauvais1-768x512.jpeg 768w, https:\/\/primeconstruction.webwaves.fr\/wp-content\/uploads\/2025\/11\/Renovation-salle-de-bain-a-Beauvais1-600x400.jpeg 600w\" sizes=\"(max-width: 1536px) 100vw, 1536px\" \/>\t\t\t\t\t<span class=\"cz_image_label\" data-type=\"modified\">Avant<\/span>\n\t\t\t\t<\/div>\n\t\t\t\t<span class=\"cz_handle\"><\/span>\n\t\t\t<\/figure>\n\t\t<\/div>\n\t\t\t\t\t\t<\/div>\n\t\t\t\t<\/div>\n\t\t\t\t\t<\/div>\n\t\t<\/div>\n\t\t\t\t\t<\/div>\n\t\t<\/section>\n\t\t\t\t<section class=\"elementor-section elementor-top-section elementor-element elementor-element-7e2b532 elementor-section-boxed elementor-section-height-default elementor-section-height-default\" data-id=\"7e2b532\" data-element_type=\"section\">\n\t\t\t\t\t\t<div class=\"elementor-container elementor-column-gap-default\">\n\t\t\t\t\t<div class=\"elementor-column elementor-col-100 elementor-top-column elementor-element elementor-element-f0394a3\" data-id=\"f0394a3\" data-element_type=\"column\">\n\t\t\t<div class=\"elementor-widget-wrap elementor-element-populated\">\n\t\t\t\t\t\t<div class=\"elementor-element elementor-element-43c9f39 elementor-widget elementor-widget-cz_title\" data-id=\"43c9f39\" data-element_type=\"widget\" data-widget_type=\"cz_title.default\">\n\t\t\t\t<div class=\"elementor-widget-container\">\n\t\t\t\t\t\t\n\t\t<div>\n\t\t\t<div class=\"cz_title clr cz_mobile_text_center cz_title_pos_inline\"><div class=\"cz_title_content\"><div class=\"cz_wpe_content\"><p data-start=\"218\" data-end=\"531\">Les \u00e9quipes de Prime Contraction prennent en charge l\u2019ensemble des travaux de salle de bain :<\/p><\/div><\/div><\/div>\n\t\t<\/div>\n\t\t\n\t\t\t\t\t\t<\/div>\n\t\t\t\t<\/div>\n\t\t\t\t<div class=\"elementor-element elementor-element-47a78fe elementor-widget elementor-widget-cz_stylish_list\" data-id=\"47a78fe\" data-element_type=\"widget\" data-widget_type=\"cz_stylish_list.default\">\n\t\t\t\t<div class=\"elementor-widget-container\">\n\t\t\t\t\t<ul class=\"cz_stylish_list clr cz_sl_icon_hover_zoom_in\"><li class=\"elementor-repeater-item-891b169 clr\"><a href=\"#\"><div class=\"cz_sl_icon\"><i class=\"mr10 fa czico-193-checked\"><\/i><\/div><div><span>R\u00e9novation compl\u00e8te de salle de bain<\/span><\/div><\/a><\/li><\/ul>\t\t\t\t<\/div>\n\t\t\t\t<\/div>\n\t\t\t\t<div class=\"elementor-element elementor-element-627618c elementor-widget elementor-widget-cz_stylish_list\" data-id=\"627618c\" data-element_type=\"widget\" data-widget_type=\"cz_stylish_list.default\">\n\t\t\t\t<div class=\"elementor-widget-container\">\n\t\t\t\t\t<ul class=\"cz_stylish_list clr cz_sl_icon_hover_zoom_in\"><li class=\"elementor-repeater-item-891b169 clr\"><a href=\"#\"><div class=\"cz_sl_icon\"><i class=\"mr10 fa czico-193-checked\"><\/i><\/div><div><span>Cr\u00e9ation et pose de douche \u00e0 l\u2019italienne ou baignoire<\/span><\/div><\/a><\/li><\/ul>\t\t\t\t<\/div>\n\t\t\t\t<\/div>\n\t\t\t\t<div class=\"elementor-element elementor-element-42293ac elementor-widget elementor-widget-cz_stylish_list\" data-id=\"42293ac\" data-element_type=\"widget\" data-widget_type=\"cz_stylish_list.default\">\n\t\t\t\t<div class=\"elementor-widget-container\">\n\t\t\t\t\t<ul class=\"cz_stylish_list clr cz_sl_icon_hover_zoom_in\"><li class=\"elementor-repeater-item-891b169 clr\"><a href=\"#\"><div class=\"cz_sl_icon\"><i class=\"mr10 fa czico-193-checked\"><\/i><\/div><div><span>Pose de carrelage au sol et fa\u00efence murale<\/span><\/div><\/a><\/li><\/ul>\t\t\t\t<\/div>\n\t\t\t\t<\/div>\n\t\t\t\t<div class=\"elementor-element elementor-element-c9f2c3d elementor-widget elementor-widget-cz_stylish_list\" data-id=\"c9f2c3d\" data-element_type=\"widget\" data-widget_type=\"cz_stylish_list.default\">\n\t\t\t\t<div class=\"elementor-widget-container\">\n\t\t\t\t\t<ul class=\"cz_stylish_list clr cz_sl_icon_hover_zoom_in\"><li class=\"elementor-repeater-item-891b169 clr\"><a href=\"#\"><div class=\"cz_sl_icon\"><i class=\"mr10 fa czico-193-checked\"><\/i><\/div><div><span>Plomberie et raccordements<\/span><\/div><\/a><\/li><\/ul>\t\t\t\t<\/div>\n\t\t\t\t<\/div>\n\t\t\t\t<div class=\"elementor-element elementor-element-2c41df7 elementor-widget elementor-widget-cz_stylish_list\" data-id=\"2c41df7\" data-element_type=\"widget\" data-widget_type=\"cz_stylish_list.default\">\n\t\t\t\t<div class=\"elementor-widget-container\">\n\t\t\t\t\t<ul class=\"cz_stylish_list clr cz_sl_icon_hover_zoom_in\"><li class=\"elementor-repeater-item-891b169 clr\"><a href=\"#\"><div class=\"cz_sl_icon\"><i class=\"mr10 fa czico-193-checked\"><\/i><\/div><div><span>Installation de meuble vasque, robinetterie et accessoires<\/span><\/div><\/a><\/li><\/ul>\t\t\t\t<\/div>\n\t\t\t\t<\/div>\n\t\t\t\t<div class=\"elementor-element elementor-element-34d84f4 elementor-widget elementor-widget-cz_stylish_list\" data-id=\"34d84f4\" data-element_type=\"widget\" data-widget_type=\"cz_stylish_list.default\">\n\t\t\t\t<div class=\"elementor-widget-container\">\n\t\t\t\t\t<ul class=\"cz_stylish_list clr cz_sl_icon_hover_zoom_in\"><li class=\"elementor-repeater-item-891b169 clr\"><a href=\"#\"><div class=\"cz_sl_icon\"><i class=\"mr10 fa czico-193-checked\"><\/i><\/div><div><span>Plomberie et raccordements<\/span><\/div><\/a><\/li><\/ul>\t\t\t\t<\/div>\n\t\t\t\t<\/div>\n\t\t\t\t<div class=\"elementor-element elementor-element-cc3f1a8 elementor-widget elementor-widget-cz_title\" data-id=\"cc3f1a8\" data-element_type=\"widget\" data-widget_type=\"cz_title.default\">\n\t\t\t\t<div class=\"elementor-widget-container\">\n\t\t\t\t\t\t\n\t\t<div>\n\t\t\t<div class=\"cz_title clr cz_mobile_text_center cz_title_pos_inline\"><div class=\"cz_title_content\"><div class=\"cz_wpe_content\"><p data-start=\"218\" data-end=\"531\">Chaque projet de r\u00e9novation de salle de bain \u00e0 Beauvais fait l\u2019objet d\u2019une \u00e9tude personnalis\u00e9e, afin de proposer un agencement fonctionnel, esth\u00e9tique et conforme aux normes en vigueur. Une attention particuli\u00e8re est port\u00e9e au choix des mat\u00e9riaux, \u00e0 la qualit\u00e9 des finitions et au confort d\u2019utilisation au quotidien.\nPrime Contraction intervient \u00e0 Beauvais et dans les communes voisines (Till\u00e9, Allonne, Goincourt, etc.) pour des salles de bain dans l\u2019habitat individuel, les appartements ou les biens destin\u00e9s \u00e0 la location.<\/p>\nGr\u00e2ce \u00e0 son expertise, l\u2019entreprise se positionne comme un interlocuteur unique pour une r\u00e9novation de salle de bain cl\u00e9 en main \u00e0 Beauvais, int\u00e9grant carrelage, plomberie, \u00e9lectricit\u00e9 et am\u00e9nagement int\u00e9rieur.<\/div><\/div><\/div>\n\t\t<\/div>\n\t\t\n\t\t\t\t\t\t<\/div>\n\t\t\t\t<\/div>\n\t\t\t\t\t<\/div>\n\t\t<\/div>\n\t\t\t\t\t<\/div>\n\t\t<\/section>\n\t\t<div class=\"elementor-element elementor-element-bc94693 e-flex e-con-boxed e-con e-parent\" data-id=\"bc94693\" data-element_type=\"container\">\n\t\t\t\t\t<div class=\"e-con-inner\">\n\t\t<div class=\"elementor-element elementor-element-c2996b9 e-con-full e-flex e-con e-child\" data-id=\"c2996b9\" data-element_type=\"container\">\n\t\t\t\t<\/div>\n\t\t<div class=\"elementor-element elementor-element-18432ec e-con-full e-flex e-con e-child\" data-id=\"18432ec\" data-element_type=\"container\">\n\t\t\t\t<div class=\"elementor-element elementor-element-a072f4c elementor-widget elementor-widget-cz_button\" data-id=\"a072f4c\" data-element_type=\"widget\" data-widget_type=\"cz_button.default\">\n\t\t\t\t<div class=\"elementor-widget-container\">\n\t\t\t\t\t\t\t<div class=\"\">\n\t\t\t<div>\n\t\t\t\t<a href=\"https:\/\/primeconstruction.webwaves.fr\/?page_id=984\" class=\"cz_btn cz_btn_txt_no_fx cz_btn_no_fx cz_mobile_btn_center\">\n\n\t\t\t\t\t<span><i class=\"fa fa-calculator\"><\/i>\t\t\t\t\t\t<strong>Demandez un devis\t\t\t\t\t\t\t\t\t\t\t\t\t<\/strong>\n\t\t\t\t\t\t\t\t\t\t\t<\/span>\n\n\t\t\t\t\t<b class=\"cz_btn_onhover\">\n\t\t\t\t\t\t<i class=\"fa fa-calculator\"><\/i>\t\t\t\t\t\t<strong>\n\t\t\t\t\t\t\tDemandez un devis\t\t\t\t\t\t\t\t\t\t\t\t\t<\/strong>\n\t\t\t\t\t\t\t\t\t\t\t<\/b>\n\n\t\t\t\t<\/a>\n\t\t\t<\/div>\n\t\t<\/div> \t\t\t\t\t\t<\/div>\n\t\t\t\t<\/div>\n\t\t\t\t<\/div>\n\t\t<div class=\"elementor-element elementor-element-c386a63 e-con-full e-flex e-con e-child\" data-id=\"c386a63\" data-element_type=\"container\">\n\t\t\t\t<\/div>\n\t\t\t\t\t<\/div>\n\t\t\t\t<\/div>\n\t\t\t\t<\/div>\n\t\t","protected":false},"excerpt":{"rendered":"<p>R\u00e9novation salle de bain \u00e0 Beauvais Apr\u00e8s Avant Les \u00e9quipes de Prime Contraction prennent en charge l\u2019ensemble des travaux de &#8230; <a class=\"cz_readmore\" href=\"https:\/\/primeconstruction.webwaves.fr\/?portfolio=conception-moderne\"><i class=\"fa fa-angle-right\" aria-hidden=\"true\"><\/i><span>Read More<\/span><\/a><\/p>\n","protected":false},"author":1,"featured_media":2126,"comment_status":"closed","ping_status":"closed","template":"elementor_header_footer","format":"standard","meta":[],"portfolio_cat":[149],"portfolio_tags":[],"class_list":["post-1703","portfolio","type-portfolio","status-publish","format-standard","has-post-thumbnail","hentry","portfolio_cat-renovation"],"_links":{"self":[{"href":"https:\/\/primeconstruction.webwaves.fr\/index.php?rest_route=\/wp\/v2\/portfolio\/1703","targetHints":{"allow":["GET"]}}],"collection":[{"href":"https:\/\/primeconstruction.webwaves.fr\/index.php?rest_route=\/wp\/v2\/portfolio"}],"about":[{"href":"https:\/\/primeconstruction.webwaves.fr\/index.php?rest_route=\/wp\/v2\/types\/portfolio"}],"author":[{"embeddable":true,"href":"https:\/\/primeconstruction.webwaves.fr\/index.php?rest_route=\/wp\/v2\/users\/1"}],"replies":[{"embeddable":true,"href":"https:\/\/primeconstruction.webwaves.fr\/index.php?rest_route=%2Fwp%2Fv2%2Fcomments&post=1703"}],"version-history":[{"count":30,"href":"https:\/\/primeconstruction.webwaves.fr\/index.php?rest_route=\/wp\/v2\/portfolio\/1703\/revisions"}],"predecessor-version":[{"id":2144,"href":"https:\/\/primeconstruction.webwaves.fr\/index.php?rest_route=\/wp\/v2\/portfolio\/1703\/revisions\/2144"}],"wp:featuredmedia":[{"embeddable":true,"href":"https:\/\/primeconstruction.webwaves.fr\/index.php?rest_route=\/wp\/v2\/media\/2126"}],"wp:attachment":[{"href":"https:\/\/primeconstruction.webwaves.fr\/index.php?rest_route=%2Fwp%2Fv2%2Fmedia&parent=1703"}],"wp:term":[{"taxonomy":"portfolio_cat","embeddable":true,"href":"https:\/\/primeconstruction.webwaves.fr\/index.php?rest_route=%2Fwp%2Fv2%2Fportfolio_cat&post=1703"},{"taxonomy":"portfolio_tags","embeddable":true,"href":"https:\/\/primeconstruction.webwaves.fr\/index.php?rest_route=%2Fwp%2Fv2%2Fportfolio_tags&post=1703"}],"curies":[{"name":"wp","href":"https:\/\/api.w.org\/{rel}","templated":true}]}}