{"id":1057,"date":"2025-10-27T02:57:54","date_gmt":"2025-10-27T02:57:54","guid":{"rendered":"https:\/\/primeconstruction.webwaves.fr\/?page_id=1057"},"modified":"2025-11-15T14:57:06","modified_gmt":"2025-11-15T14:57:06","slug":"realisations","status":"publish","type":"page","link":"https:\/\/primeconstruction.webwaves.fr\/?page_id=1057","title":{"rendered":"R\u00e9alisations"},"content":{"rendered":"\t\t<div data-elementor-type=\"wp-page\" data-elementor-id=\"1057\" class=\"elementor elementor-1057\">\n\t\t\t\t\t\t<section class=\"elementor-section elementor-top-section elementor-element elementor-element-4x6r5im elementor-section-stretched elementor-section-boxed elementor-section-height-default elementor-section-height-default\" data-id=\"4x6r5im\" data-element_type=\"section\" data-settings=\"{&quot;stretch_section&quot;:&quot;section-stretched&quot;,&quot;background_background&quot;:&quot;classic&quot;}\">\n\t\t\t\t\t\t\t<div class=\"elementor-background-overlay\"><\/div>\n\t\t\t\t\t\t\t<div class=\"elementor-container elementor-column-gap-default\">\n\t\t\t\t\t<div class=\"elementor-column elementor-col-100 elementor-top-column elementor-element elementor-element-12g4c0i\" data-id=\"12g4c0i\" data-element_type=\"column\">\n\t\t\t<div class=\"elementor-widget-wrap elementor-element-populated\">\n\t\t\t\t\t\t<div class=\"elementor-element elementor-element-6e6d2bc elementor-widget elementor-widget-cz_gap\" data-id=\"6e6d2bc\" data-element_type=\"widget\" data-widget_type=\"cz_gap.default\">\n\t\t\t\t<div class=\"elementor-widget-container\">\n\t\t\t\t\t<div class=\"cz_gap clr\"><\/div>\t\t\t\t<\/div>\n\t\t\t\t<\/div>\n\t\t\t\t<div class=\"elementor-element elementor-element-17e54b3 elementor-widget elementor-widget-cz_title\" data-id=\"17e54b3\" data-element_type=\"widget\" data-widget_type=\"cz_title.default\">\n\t\t\t\t<div class=\"elementor-widget-container\">\n\t\t\t\t\t\t\n\t\t<div>\n\t\t\t<div class=\"cz_title clr cz_mobile_text_center cz_title_pos_inline tac\"><div class=\"cz_title_content\"><div class=\"cz_wpe_content\"><h2 style=\"text-align: center;\"><span style=\"color: #ffffff;\">L\u2019excellence en action<\/span><\/h2><\/div><\/div><\/div>\n\t\t<\/div>\n\t\t\n\t\t\t\t\t\t<\/div>\n\t\t\t\t<\/div>\n\t\t\t\t<div class=\"elementor-element elementor-element-15b94e2 elementor-widget elementor-widget-cz_title\" data-id=\"15b94e2\" data-element_type=\"widget\" data-widget_type=\"cz_title.default\">\n\t\t\t\t<div class=\"elementor-widget-container\">\n\t\t\t\t\t\t\n\t\t<div>\n\t\t\t<div class=\"cz_title clr cz_mobile_text_center cz_title_pos_inline tac\"><div class=\"cz_title_content\"><div class=\"cz_wpe_content\"><p style=\"text-align: center;\"><span style=\"font-size: 20px; color: #ffffff;\">D\u00e9couvrez quelques-unes de nos r\u00e9alisations qui t\u00e9moignent de notre savoir-faire, de notre exigence de qualit\u00e9 et de notre passion pour le m\u00e9tier.\nChaque projet est le fruit d\u2019un travail rigoureux, d\u2019une \u00e9coute attentive des besoins de nos clients et d\u2019un engagement constant envers la durabilit\u00e9 et l\u2019esth\u00e9tique.<\/span><\/p><\/div><\/div><\/div>\n\t\t<\/div>\n\t\t\n\t\t\t\t\t\t<\/div>\n\t\t\t\t<\/div>\n\t\t\t\t<div class=\"elementor-element elementor-element-8190a30 elementor-widget elementor-widget-cz_gap\" data-id=\"8190a30\" data-element_type=\"widget\" data-widget_type=\"cz_gap.default\">\n\t\t\t\t<div class=\"elementor-widget-container\">\n\t\t\t\t\t<div class=\"cz_gap clr\"><\/div>\t\t\t\t<\/div>\n\t\t\t\t<\/div>\n\t\t\t\t<div class=\"elementor-element elementor-element-8c36423 elementor-widget elementor-widget-cz_posts\" data-id=\"8c36423\" data-element_type=\"widget\" data-widget_type=\"cz_posts.default\">\n\t\t\t\t<div class=\"elementor-widget-container\">\n\t\t\t\t\t<div class=\"cz_grid_p\"><ul class=\"cz_grid_filters clr tac\"><li data-filter=\".portfolio_cat-construction\">Construction<\/li><li data-filter=\".portfolio_cat-renovation\">R\u00e9novation<\/li><li data-filter=\".portfolio_cat-amenagement-exterieur\">Am\u00e9nagement ext\u00e9rieur<\/li><li data-filter=\".portfolio_cat-ravalement-de-facade\">Ravalement de fa\u00e7ade<\/li><\/ul><div class=\"cz_grid cz_grid_1 clr cz_grid_c2 cz_grid_1_no_icon cz_grid_1_no_desc cz_grid_1_mid tac cz_grid_zin cz_meta_all_center\" data-gap=\"31\" data-atts='{\"action\":\"cz_ajax_elementor_posts\",\"post_class\":\"cz_grid_item\",\"post__in\":null,\"author__in\":null,\"nonce\":\"fcf61d947e\",\"nonce_id\":\"posts\",\"loadmore_end\":null,\"layout\":\"cz_grid_c2\",\"hover\":\"cz_grid_1_no_icon cz_grid_1_no_desc\",\"subtitles\":[],\"subtitle_pos\":null,\"icon\":{\"value\":\"fa czico-109-link-symbol-1\",\"library\":\"xtra-custom-icons\"},\"el\":\"\",\"title_lenght\":\"\",\"cat_tax\":\"portfolio_cat\",\"cat\":[\"145\",\"149\",\"155\",\"157\"],\"cat_exclude\":\"\",\"tag_tax\":\"post_tag\",\"tag_id\":\"\",\"tag_exclude\":\"\",\"post_type\":\"portfolio\",\"posts_per_page\":9,\"order\":\"ASC\",\"orderby\":\"date\",\"tilt_data\":null,\"img_fx\":\"cz_grid_zoom_rotate\",\"custom_size\":\"\",\"excerpt_rm\":\"\",\"s\":\"\"}'><div class=\"cz_grid_item cz_grid_first\"><\/div><div data-id=\"1688\" class=\"cz_grid_item  cz_posts_list_odd 1688 post-1688 portfolio type-portfolio status-publish format-standard has-post-thumbnail hentry portfolio_cat-construction\"><div class=\"clr\"><a class=\"cz_grid_link cz_grid_zoom_rotate\" href=\"https:\/\/primeconstruction.webwaves.fr\/?portfolio=construction-de-mur\" title=\"Construction de mur\"><img fetchpriority=\"high\" decoding=\"async\" width=\"1140\" height=\"694\" src=\"https:\/\/primeconstruction.webwaves.fr\/wp-content\/uploads\/2025\/11\/Construction-de-mur.webp\" class=\"attachment-full size-full wp-image-1690\" alt=\"\" srcset=\"https:\/\/primeconstruction.webwaves.fr\/wp-content\/uploads\/2025\/11\/Construction-de-mur.webp 1140w, https:\/\/primeconstruction.webwaves.fr\/wp-content\/uploads\/2025\/11\/Construction-de-mur-300x183.webp 300w, https:\/\/primeconstruction.webwaves.fr\/wp-content\/uploads\/2025\/11\/Construction-de-mur-1024x623.webp 1024w, https:\/\/primeconstruction.webwaves.fr\/wp-content\/uploads\/2025\/11\/Construction-de-mur-768x468.webp 768w, https:\/\/primeconstruction.webwaves.fr\/wp-content\/uploads\/2025\/11\/Construction-de-mur-600x365.webp 600w\" sizes=\"(max-width: 1140px) 100vw, 1140px\" \/><div class=\"cz_grid_details\"><i class=\"fa czico-109-link-symbol-1 cz_grid_icon\"><\/i><h3>Construction de mur<\/h3><\/div><\/a><\/div><\/div><div data-id=\"1691\" class=\"cz_grid_item  cz_posts_list_even 1691 post-1691 portfolio type-portfolio status-publish format-standard has-post-thumbnail hentry portfolio_cat-construction\"><div class=\"clr\"><a class=\"cz_grid_link cz_grid_zoom_rotate\" href=\"https:\/\/primeconstruction.webwaves.fr\/?portfolio=construction-de-maison-contemporaine\" title=\"Construction de maison contemporaine\"><img decoding=\"async\" width=\"1140\" height=\"694\" src=\"https:\/\/primeconstruction.webwaves.fr\/wp-content\/uploads\/2025\/11\/Construction-de-maison-contemporaine.webp\" class=\"attachment-full size-full wp-image-1692\" alt=\"\" srcset=\"https:\/\/primeconstruction.webwaves.fr\/wp-content\/uploads\/2025\/11\/Construction-de-maison-contemporaine.webp 1140w, https:\/\/primeconstruction.webwaves.fr\/wp-content\/uploads\/2025\/11\/Construction-de-maison-contemporaine-300x183.webp 300w, https:\/\/primeconstruction.webwaves.fr\/wp-content\/uploads\/2025\/11\/Construction-de-maison-contemporaine-1024x623.webp 1024w, https:\/\/primeconstruction.webwaves.fr\/wp-content\/uploads\/2025\/11\/Construction-de-maison-contemporaine-768x468.webp 768w, https:\/\/primeconstruction.webwaves.fr\/wp-content\/uploads\/2025\/11\/Construction-de-maison-contemporaine-600x365.webp 600w\" sizes=\"(max-width: 1140px) 100vw, 1140px\" \/><div class=\"cz_grid_details\"><i class=\"fa czico-109-link-symbol-1 cz_grid_icon\"><\/i><h3>Construction de maison contemporaine<\/h3><\/div><\/a><\/div><\/div><div data-id=\"1694\" class=\"cz_grid_item  cz_posts_list_odd 1694 post-1694 portfolio type-portfolio status-publish format-standard has-post-thumbnail hentry portfolio_cat-ravalement-de-facade\"><div class=\"clr\"><a class=\"cz_grid_link cz_grid_zoom_rotate\" href=\"https:\/\/primeconstruction.webwaves.fr\/?portfolio=embellissement-de-facade\" title=\"Ravalement de fa\u00e7ade\"><img decoding=\"async\" width=\"1140\" height=\"694\" src=\"https:\/\/primeconstruction.webwaves.fr\/wp-content\/uploads\/2025\/11\/Embellissement-de-facade.webp\" class=\"attachment-full size-full wp-image-1695\" alt=\"\" srcset=\"https:\/\/primeconstruction.webwaves.fr\/wp-content\/uploads\/2025\/11\/Embellissement-de-facade.webp 1140w, https:\/\/primeconstruction.webwaves.fr\/wp-content\/uploads\/2025\/11\/Embellissement-de-facade-300x183.webp 300w, https:\/\/primeconstruction.webwaves.fr\/wp-content\/uploads\/2025\/11\/Embellissement-de-facade-1024x623.webp 1024w, https:\/\/primeconstruction.webwaves.fr\/wp-content\/uploads\/2025\/11\/Embellissement-de-facade-768x468.webp 768w, https:\/\/primeconstruction.webwaves.fr\/wp-content\/uploads\/2025\/11\/Embellissement-de-facade-600x365.webp 600w\" sizes=\"(max-width: 1140px) 100vw, 1140px\" \/><div class=\"cz_grid_details\"><i class=\"fa czico-109-link-symbol-1 cz_grid_icon\"><\/i><h3>Ravalement de fa\u00e7ade<\/h3><\/div><\/a><\/div><\/div><div data-id=\"1697\" class=\"cz_grid_item  cz_posts_list_even 1697 post-1697 portfolio type-portfolio status-publish format-standard has-post-thumbnail hentry portfolio_cat-renovation\"><div class=\"clr\"><a class=\"cz_grid_link cz_grid_zoom_rotate\" href=\"https:\/\/primeconstruction.webwaves.fr\/?portfolio=renovation-wc\" title=\"R\u00e9novation wc\"><img loading=\"lazy\" decoding=\"async\" width=\"1140\" height=\"694\" src=\"https:\/\/primeconstruction.webwaves.fr\/wp-content\/uploads\/2025\/11\/Renovation-wc.webp\" class=\"attachment-full size-full wp-image-1698\" alt=\"\" srcset=\"https:\/\/primeconstruction.webwaves.fr\/wp-content\/uploads\/2025\/11\/Renovation-wc.webp 1140w, https:\/\/primeconstruction.webwaves.fr\/wp-content\/uploads\/2025\/11\/Renovation-wc-300x183.webp 300w, https:\/\/primeconstruction.webwaves.fr\/wp-content\/uploads\/2025\/11\/Renovation-wc-1024x623.webp 1024w, https:\/\/primeconstruction.webwaves.fr\/wp-content\/uploads\/2025\/11\/Renovation-wc-768x468.webp 768w, https:\/\/primeconstruction.webwaves.fr\/wp-content\/uploads\/2025\/11\/Renovation-wc-600x365.webp 600w\" sizes=\"(max-width: 1140px) 100vw, 1140px\" \/><div class=\"cz_grid_details\"><i class=\"fa czico-109-link-symbol-1 cz_grid_icon\"><\/i><h3>R\u00e9novation wc<\/h3><\/div><\/a><\/div><\/div><div data-id=\"1703\" class=\"cz_grid_item  cz_posts_list_odd 1703 post-1703 portfolio type-portfolio status-publish format-standard has-post-thumbnail hentry portfolio_cat-renovation\"><div class=\"clr\"><a class=\"cz_grid_link cz_grid_zoom_rotate\" href=\"https:\/\/primeconstruction.webwaves.fr\/?portfolio=conception-moderne\" title=\"R\u00e9novation salle de bain \u00e0 Beauvais\"><img loading=\"lazy\" decoding=\"async\" width=\"1140\" height=\"694\" src=\"https:\/\/primeconstruction.webwaves.fr\/wp-content\/uploads\/2025\/11\/Renovation-salle-de-bain-a-Beauvais.png\" class=\"attachment-full size-full wp-image-2126\" alt=\"\" srcset=\"https:\/\/primeconstruction.webwaves.fr\/wp-content\/uploads\/2025\/11\/Renovation-salle-de-bain-a-Beauvais.png 1140w, https:\/\/primeconstruction.webwaves.fr\/wp-content\/uploads\/2025\/11\/Renovation-salle-de-bain-a-Beauvais-300x183.png 300w, https:\/\/primeconstruction.webwaves.fr\/wp-content\/uploads\/2025\/11\/Renovation-salle-de-bain-a-Beauvais-1024x623.png 1024w, https:\/\/primeconstruction.webwaves.fr\/wp-content\/uploads\/2025\/11\/Renovation-salle-de-bain-a-Beauvais-768x468.png 768w, https:\/\/primeconstruction.webwaves.fr\/wp-content\/uploads\/2025\/11\/Renovation-salle-de-bain-a-Beauvais-600x365.png 600w\" sizes=\"(max-width: 1140px) 100vw, 1140px\" \/><div class=\"cz_grid_details\"><i class=\"fa czico-109-link-symbol-1 cz_grid_icon\"><\/i><h3>R\u00e9novation salle de bain \u00e0 Beauvais<\/h3><\/div><\/a><\/div><\/div><div data-id=\"1706\" class=\"cz_grid_item  cz_posts_list_even 1706 post-1706 portfolio type-portfolio status-publish format-standard has-post-thumbnail hentry portfolio_cat-amenagement-exterieur\"><div class=\"clr\"><a class=\"cz_grid_link cz_grid_zoom_rotate\" href=\"https:\/\/primeconstruction.webwaves.fr\/?portfolio=travaux-publics\" title=\"Am\u00e9nagement ext\u00e9rieur \u00e0 Montataire\"><img loading=\"lazy\" decoding=\"async\" width=\"1140\" height=\"694\" src=\"https:\/\/primeconstruction.webwaves.fr\/wp-content\/uploads\/2025\/11\/Amenagement-exterieur-a-Montataire.png\" class=\"attachment-full size-full wp-image-2150\" alt=\"\" srcset=\"https:\/\/primeconstruction.webwaves.fr\/wp-content\/uploads\/2025\/11\/Amenagement-exterieur-a-Montataire.png 1140w, https:\/\/primeconstruction.webwaves.fr\/wp-content\/uploads\/2025\/11\/Amenagement-exterieur-a-Montataire-300x183.png 300w, https:\/\/primeconstruction.webwaves.fr\/wp-content\/uploads\/2025\/11\/Amenagement-exterieur-a-Montataire-1024x623.png 1024w, https:\/\/primeconstruction.webwaves.fr\/wp-content\/uploads\/2025\/11\/Amenagement-exterieur-a-Montataire-768x468.png 768w, https:\/\/primeconstruction.webwaves.fr\/wp-content\/uploads\/2025\/11\/Amenagement-exterieur-a-Montataire-600x365.png 600w\" sizes=\"(max-width: 1140px) 100vw, 1140px\" \/><div class=\"cz_grid_details\"><i class=\"fa czico-109-link-symbol-1 cz_grid_icon\"><\/i><h3>Am\u00e9nagement ext\u00e9rieur \u00e0 Montataire<\/h3><\/div><\/a><\/div><\/div><div data-id=\"2159\" class=\"cz_grid_item  cz_posts_list_odd 2159 post-2159 portfolio type-portfolio status-publish format-standard has-post-thumbnail hentry portfolio_cat-ravalement-de-facade\"><div class=\"clr\"><a class=\"cz_grid_link cz_grid_zoom_rotate\" href=\"https:\/\/primeconstruction.webwaves.fr\/?portfolio=ravalement-de-facade-a-creil\" title=\"Ravalement de fa\u00e7ade \u00e0 Creil\"><img loading=\"lazy\" decoding=\"async\" width=\"1140\" height=\"694\" src=\"https:\/\/primeconstruction.webwaves.fr\/wp-content\/uploads\/2025\/11\/Ravalement-de-facade.png\" class=\"attachment-full size-full wp-image-2179\" alt=\"\" srcset=\"https:\/\/primeconstruction.webwaves.fr\/wp-content\/uploads\/2025\/11\/Ravalement-de-facade.png 1140w, https:\/\/primeconstruction.webwaves.fr\/wp-content\/uploads\/2025\/11\/Ravalement-de-facade-300x183.png 300w, https:\/\/primeconstruction.webwaves.fr\/wp-content\/uploads\/2025\/11\/Ravalement-de-facade-1024x623.png 1024w, https:\/\/primeconstruction.webwaves.fr\/wp-content\/uploads\/2025\/11\/Ravalement-de-facade-768x468.png 768w, https:\/\/primeconstruction.webwaves.fr\/wp-content\/uploads\/2025\/11\/Ravalement-de-facade-600x365.png 600w\" sizes=\"(max-width: 1140px) 100vw, 1140px\" \/><div class=\"cz_grid_details\"><i class=\"fa czico-109-link-symbol-1 cz_grid_icon\"><\/i><h3>Ravalement de fa\u00e7ade \u00e0 Creil<\/h3><\/div><\/a><\/div><\/div><\/div><\/div>\t\t\t\t<\/div>\n\t\t\t\t<\/div>\n\t\t\t\t<div class=\"elementor-element elementor-element-f065a68 elementor-widget elementor-widget-cz_gap\" data-id=\"f065a68\" data-element_type=\"widget\" data-widget_type=\"cz_gap.default\">\n\t\t\t\t<div class=\"elementor-widget-container\">\n\t\t\t\t\t<div class=\"cz_gap clr\"><\/div>\t\t\t\t<\/div>\n\t\t\t\t<\/div>\n\t\t\t\t\t<\/div>\n\t\t<\/div>\n\t\t\t\t\t<\/div>\n\t\t<\/section>\n\t\t\t\t<\/div>\n\t\t","protected":false},"excerpt":{"rendered":"<p>L\u2019excellence en action D\u00e9couvrez quelques-unes de nos r\u00e9alisations qui t\u00e9moignent de notre savoir-faire, de notre exigence de qualit\u00e9 et de &#8230; <a class=\"cz_readmore\" href=\"https:\/\/primeconstruction.webwaves.fr\/?portfolio=ravalement-de-facade-a-creil\"><i class=\"fa fa-angle-right\" aria-hidden=\"true\"><\/i><span>Read More<\/span><\/a><\/p>\n","protected":false},"author":1,"featured_media":0,"parent":0,"menu_order":0,"comment_status":"closed","ping_status":"closed","template":"","meta":{"footnotes":""},"class_list":["post-1057","page","type-page","status-publish","hentry"],"_links":{"self":[{"href":"https:\/\/primeconstruction.webwaves.fr\/index.php?rest_route=\/wp\/v2\/pages\/1057","targetHints":{"allow":["GET"]}}],"collection":[{"href":"https:\/\/primeconstruction.webwaves.fr\/index.php?rest_route=\/wp\/v2\/pages"}],"about":[{"href":"https:\/\/primeconstruction.webwaves.fr\/index.php?rest_route=\/wp\/v2\/types\/page"}],"author":[{"embeddable":true,"href":"https:\/\/primeconstruction.webwaves.fr\/index.php?rest_route=\/wp\/v2\/users\/1"}],"replies":[{"embeddable":true,"href":"https:\/\/primeconstruction.webwaves.fr\/index.php?rest_route=%2Fwp%2Fv2%2Fcomments&post=1057"}],"version-history":[{"count":79,"href":"https:\/\/primeconstruction.webwaves.fr\/index.php?rest_route=\/wp\/v2\/pages\/1057\/revisions"}],"predecessor-version":[{"id":2124,"href":"https:\/\/primeconstruction.webwaves.fr\/index.php?rest_route=\/wp\/v2\/pages\/1057\/revisions\/2124"}],"wp:attachment":[{"href":"https:\/\/primeconstruction.webwaves.fr\/index.php?rest_route=%2Fwp%2Fv2%2Fmedia&parent=1057"}],"curies":[{"name":"wp","href":"https:\/\/api.w.org\/{rel}","templated":true}]}}